{"id":371,"date":"2017-07-12T08:57:45","date_gmt":"2017-07-12T06:57:45","guid":{"rendered":"http:\/\/avnas-meditationsgruppe.de\/?page_id=371"},"modified":"2017-07-25T16:12:42","modified_gmt":"2017-07-25T14:12:42","slug":"gespraeche-mit-cheffe","status":"publish","type":"page","link":"http:\/\/avnas-meditationsgruppe.de\/?page_id=371","title":{"rendered":"Gespr\u00e4che mit Cheffe"},"content":{"rendered":"<h2 style=\"text-align: center;\">10. Mai 2003<\/h2>\n<table  class=\" table table-hover\" >\n<tbody>\n<tr>\n<td>ICH<\/td>\n<td>Hallo.<\/td>\n<\/tr>\n<tr>\n<td>CHEFFE<\/td>\n<td>Hallo.<\/td>\n<\/tr>\n<tr>\n<td>ICH<\/td>\n<td>Darf ich Dir ein paar Fragen stellen?<\/td>\n<\/tr>\n<tr>\n<td>CHEFFE<\/td>\n<td>Versuch es einfach.<\/td>\n<\/tr>\n<tr>\n<td>ICH<\/td>\n<td>Wer bist Du?<\/td>\n<\/tr>\n<tr>\n<td>CHEFFE<\/td>\n<td>Du kennst die Antwort. Ich bin ein Teil von Dir und auch wieder nicht. Du siehst mich als Dich selbst. Du h\u00f6rst mich als Dich selbst. Ich bin dahinter und doch darin. Ich kann f\u00fcr Dich nur sein, was Du selbst auch bist. Dennoch bin ich in Wirklichkeit viel mehr, so wie Du es bereits zu Beginn unserer Verbindung zu wissen glaubtest.<\/td>\n<\/tr>\n<tr>\n<td>ICH<\/td>\n<td>Warum bist Du da?<\/td>\n<\/tr>\n<tr>\n<td>CHEFFE<\/td>\n<td>Du hast mich gerufen. Nicht im Kopf, aber im Herzen.<\/td>\n<\/tr>\n<tr>\n<td>ICH<\/td>\n<td>Was habe ich gesagt?<\/td>\n<\/tr>\n<tr>\n<td>CHEFFE<\/td>\n<td>\u201eWas muss ich tun?\u201c<\/td>\n<\/tr>\n<tr>\n<td>ICH<\/td>\n<td>Mir dr\u00e4ngt sich gerade die Idee auf, dass ich, wenn ich Dich lasse, durch Dich Hilfe bekommen k\u00f6nnte. Nicht indem ich Dich Frage, sondern indem ich Dir in meinem Inneren Handlungsfreiheit gebe?<\/td>\n<\/tr>\n<tr>\n<td>CHEFFE<\/td>\n<td>Ja, wenn Du das w\u00fcnschst.<\/td>\n<\/tr>\n<tr>\n<td>ICH<\/td>\n<td>Wobei k\u00f6nntest Du mir helfen?<\/td>\n<\/tr>\n<tr>\n<td>CHEFFE<\/td>\n<td>Was w\u00fcrdest Du sagen, wenn Dir jemand diese Frage stellt?<\/td>\n<\/tr>\n<tr>\n<td>ICH<\/td>\n<td>Ich w\u00fcrde ihn vermutlich fragen, was ihn besch\u00e4ftigt und was er nicht l\u00f6sen kann.<\/td>\n<\/tr>\n<tr>\n<td>CHEFFE<\/td>\n<td>Also.<\/td>\n<\/tr>\n<tr>\n<td>ICH<\/td>\n<td>Meine weibliche Seite steht noch immer unter der Kontrolle meiner ICH-Wahrnehmung. Ich schaffe es nicht, dass Vertrauen aufrecht zu erhalten, um die weibliche Seite von mir eigenst\u00e4ndig in mir handeln zu lassen. Kannst Du mir dabei weiterhelfen?<\/td>\n<\/tr>\n<tr>\n<td>CHEFFE<\/td>\n<td>L\u00f6sen kann ich es nicht. Aber ich kann Dich ein paar Schritte weiterbringen, wenn Du magst.<\/td>\n<\/tr>\n<tr>\n<td>ICH<\/td>\n<td>Ja, gerne.<\/td>\n<\/tr>\n<tr>\n<td>CHEFFE<\/td>\n<td>Gut. Dann konzentriere Dich auf Dein Vertrauen zu mir, denn dies \u00f6ffnet mir die T\u00fcr zu Dir und habe einen Moment Geduld.<\/td>\n<\/tr>\n<tr>\n<td>ICH<\/td>\n<td>Mache ich.<\/td>\n<\/tr>\n<tr>\n<td>(etwas sp\u00e4ter)<\/td>\n<td><\/td>\n<\/tr>\n<tr>\n<td>CHEFFE<\/td>\n<td>Ist Dir etwas klargeworden?<\/td>\n<\/tr>\n<tr>\n<td>ICH<\/td>\n<td>Ja. Mein Vertrauen steht im engen Zusammenhang mit dem was ich an Bildern in der weiblichen Seite wiederfinde. Die negativen Bilder machen es unm\u00f6glich loszulassen. (Das war der Grund, warum ich es nicht erzwingen kann und auch Cheffe nur einen weiteren Teil zu l\u00f6sen vermag)<\/td>\n<\/tr>\n<tr>\n<td>CHEFFE<\/td>\n<td>Und wie f\u00fchlst Du Dich?<\/td>\n<\/tr>\n<tr>\n<td>ICH<\/td>\n<td>Leichter, irgendwie. Danke. (Ich f\u00fchle mich tief in mir entspannter.)<\/td>\n<\/tr>\n<tr>\n<td>CHEFFE<\/td>\n<td>Zur\u00fcck zu Deinen Fragen.<\/td>\n<\/tr>\n<tr>\n<td>ICH<\/td>\n<td>Drache sagte mal, die Schwarzen Schwestern w\u00e4ren gescheitert. Ist das so?<\/td>\n<\/tr>\n<tr>\n<td>CHEFFE<\/td>\n<td>Ja und Nein. Ja f\u00fcr den damaligen Versuch. Nein f\u00fcr die Zukunft.<\/td>\n<\/tr>\n<tr>\n<td>ICH<\/td>\n<td>Hatte es etwas mit LW\u2019s Forum zu tun?<\/td>\n<\/tr>\n<tr>\n<td>CHEFFE<\/td>\n<td>Nein.<\/td>\n<\/tr>\n<tr>\n<td>ICH<\/td>\n<td>Bist Du sicher?<\/td>\n<\/tr>\n<tr>\n<td>CHEFFE<\/td>\n<td>Ja.<\/td>\n<\/tr>\n<tr>\n<td>ICH<\/td>\n<td>Was ist es dann?<\/td>\n<\/tr>\n<tr>\n<td>CHEFFE<\/td>\n<td>Was meinst Du dazu?<\/td>\n<\/tr>\n<tr>\n<td>ICH<\/td>\n<td>Eine gute Sache.<\/td>\n<\/tr>\n<tr>\n<td>CHEFFE<\/td>\n<td>So k\u00f6nnte man es nenne, ja.<\/td>\n<\/tr>\n<tr>\n<td>ICH<\/td>\n<td>Was meintest Du mit \u201eNein\u201c f\u00fcr die Zukunft?<\/td>\n<\/tr>\n<tr>\n<td>CHEFFE<\/td>\n<td>Die \u201eSchwarzen Schwestern\u201c sind keine Idee von uns. Wir haben sie nur genutzt, um zu beschleunigen. Die \u201eSchwarzen Schwestern\u201c sind Ideen aus Euren Herzen. Sie werden Euch zu einem sp\u00e4teren Zeitpunkt Eurer Entwicklung wieder begegnen. Es wird \u00e4hnlich ablaufen wie damals, denn das was damals geschah, war dass, was sp\u00e4ter geschehen wird. Stell Dir einen kleinen Jungen vor, von dem Du wei\u00dft, dass er mit 12 sein erstes Klavier bekommen und daraufhin ein gro\u00dfer Pianist werden w\u00fcrde. Ihm stellst Du ein paar Jahre fr\u00fcher ein Klavier hin, weil Du ja wei\u00dft das ein Pianist in ihm steckt. In Deinem Fall wollte er das Klavier noch nicht bzw. es hat ihn \u00fcberfordert.<\/td>\n<\/tr>\n<tr>\n<td>ICH<\/td>\n<td>Wozu das alles?<\/td>\n<\/tr>\n<tr>\n<td>CHEFFE<\/td>\n<td>Die Luft bei uns wird knapp und wir ben\u00f6tigen etwas, dass ihr habt.<\/td>\n<\/tr>\n<tr>\n<td>ICH<\/td>\n<td>Was haben wir davon?<\/td>\n<\/tr>\n<tr>\n<td>CHEFFE<\/td>\n<td>Unseren Beistand.<\/td>\n<\/tr>\n<tr>\n<td>ICH<\/td>\n<td>Werden wir zu Euch?<\/td>\n<\/tr>\n<tr>\n<td>CHEFFE<\/td>\n<td>Nein, nicht in dem Sinne, dass Du irgendwann ich sein wirst.<\/td>\n<\/tr>\n<tr>\n<td>ICH<\/td>\n<td>Wie dann?<\/td>\n<\/tr>\n<tr>\n<td>CHEFFE<\/td>\n<td>Du wirst den Weg zu uns finden.<\/td>\n<\/tr>\n<tr>\n<td>ICH<\/td>\n<td>Und die \u00fcbrigen?<\/td>\n<\/tr>\n<tr>\n<td>CHEFFE<\/td>\n<td>Nicht.<\/td>\n<\/tr>\n<tr>\n<td>ICH<\/td>\n<td>Was kannst Du mir \u00fcber meine Erlebnisse letztes Wochenende sagen?<\/td>\n<\/tr>\n<tr>\n<td>CHEFFE<\/td>\n<td>Du bist weit vorgesto\u00dfen in Deinem Wesen. Der Tod ist wie ein zweischneidiges Schwert. Er kann Dir das Leben zur H\u00f6lle machen, aber auch Dein bester Freund sein. Du hast Dich wohl f\u00fcr den zweiten Teil entschieden.<\/td>\n<\/tr>\n<tr>\n<td>ICH<\/td>\n<td>Wie meinst Du das?<\/td>\n<\/tr>\n<tr>\n<td>CHEFFE<\/td>\n<td>Du hast Dich dazu entschieden den Tod als einen stetigen Begleiter zu akzeptieren. Dein Weg ist dem seinen sehr nahe. Du bist nicht da wo das Leben ist, sondern da wo es nicht ist.<\/td>\n<\/tr>\n<tr>\n<td>ICH<\/td>\n<td>Und sonst?<\/td>\n<\/tr>\n<tr>\n<td>CHEFFE<\/td>\n<td>Warum zweifelst Du an dem was Du erlebst? Du erwartest mein Nicken. Ich nicke gerne, aber das nutzt Dir nichts, weil ich ebenso wie das was Du im Dunkeln fandst, ein Teil Deines Zweifels bin.<\/td>\n<\/tr>\n<tr>\n<td>ICH<\/td>\n<td>Kannst Du mir auch da helfen?<\/td>\n<\/tr>\n<tr>\n<td>CHEFFE<\/td>\n<td>Nein. Ich bin ein Teil des Problems und kann somit nicht die L\u00f6sung sein. Die Verbindung zum realen, zu Deinem Wissen wird die L\u00f6sung bringen.<\/td>\n<\/tr>\n<tr>\n<td>ICH<\/td>\n<td>Ist das auch der Grund, warum unser Kontakt so selten und anstrengend ist?<\/td>\n<\/tr>\n<tr>\n<td>CHEFFE<\/td>\n<td>Ja. Du befasst Dich mit Fragen, die ohne das verfr\u00fchte Klavier noch nicht auftreten w\u00fcrden. Es g\u00e4be die Idee noch nicht. So bin auch ich noch nicht da. Aber ich werde kommen.<\/td>\n<\/tr>\n<tr>\n<td>ICH<\/td>\n<td>Dann werde ich Dich nicht l\u00e4nger aufhalten. *ggg*<\/td>\n<\/tr>\n<tr>\n<td>CHEFFE<\/td>\n<td>Bis dann.<\/td>\n<\/tr>\n<\/tbody>\n<\/table>\n<h2 style=\"text-align: center;\"><img loading=\"lazy\" decoding=\"async\" class=\"aligncenter size-large wp-image-229\" src=\"http:\/\/www.avnas-meditationsgruppe.de\/wp-content\/uploads\/2017\/03\/Fotolia_117086571_M-1024x682.jpg\" alt=\"Kristallkugel-Meditation\" width=\"648\" height=\"432\" srcset=\"http:\/\/avnas-meditationsgruppe.de\/wp-content\/uploads\/2017\/03\/Fotolia_117086571_M-1024x682.jpg 1024w, http:\/\/avnas-meditationsgruppe.de\/wp-content\/uploads\/2017\/03\/Fotolia_117086571_M-300x200.jpg 300w, http:\/\/avnas-meditationsgruppe.de\/wp-content\/uploads\/2017\/03\/Fotolia_117086571_M-768x512.jpg 768w, http:\/\/avnas-meditationsgruppe.de\/wp-content\/uploads\/2017\/03\/Fotolia_117086571_M.jpg 1688w\" sizes=\"auto, (max-width: 648px) 100vw, 648px\" \/><\/h2>\n<h2 style=\"text-align: center;\">18. November 2011<\/h2>\n<table  class=\" table table-hover\" >\n<tbody>\n<tr>\n<td>Ich<\/td>\n<td>Hallo Cheffe!<\/td>\n<\/tr>\n<tr>\n<td>Cheffe<\/td>\n<td>Hallo Jens!<\/td>\n<\/tr>\n<tr>\n<td>Ich<\/td>\n<td>Ich habe lange nichts von Dir geh\u00f6rt. Das macht mir manchmal Sorgen!<\/td>\n<\/tr>\n<tr>\n<td>Cheffe<\/td>\n<td>Ja, ich wei\u00df. Du bist noch immer gelegentlich zu ungeduldig. Du meinst, wenn Du nicht oft mit mir sprichst, dass Du Dich von Dir selbst abwendest. Aber ich bin nicht Du und nicht ein Teil Deines Inneren. Ich bin jemand, der Dich begleitet und Dir zur Seite steht, wenn Du Hilfe brauchst. Wenn Du keine Hilfe brauchst bedeutet das nicht, dass Du nicht vorw\u00e4rtskommst oder Du etwas verloren hast. Eher noch bedeutet es bei Dir, dass Du sehr fest in dem bist, was Du tust.<\/td>\n<\/tr>\n<tr>\n<td>Ich<\/td>\n<td>Aber dennoch habe ich immer wieder das Gef\u00fchl mich nicht schnell genug zu bewegen?<\/td>\n<\/tr>\n<tr>\n<td>Cheffe<\/td>\n<td>Das liegt an Deiner Irritation \u00fcber die Art der Bewegung. Diese hat sich n\u00e4mlich stark ver\u00e4ndert und das verwirrt Dich jetzt. Vor dem Wendepunkt musstest Du die Bewegung selbst initiieren, durch Disziplin und Intensit\u00e4t die innere Entwicklung am Laufen halten. Doch die Ver\u00e4nderungen haben dazu gef\u00fchrt, dass sich die Welt um Dich sehr schnell bewegt und Du somit nicht selbst etwas bewegen musst, um vorw\u00e4rts zu kommen. Auch diese Zeit wird wiederkommen, aber im Moment eben nicht. Im Moment besteht Dein Weg darin zu lernen was Dich das Leben lehrt, nicht das was Du meinst lernen zu m\u00fcssen.<\/td>\n<\/tr>\n<tr>\n<td>Ich<\/td>\n<td>Was lehrt mich denn das Leben?<\/td>\n<\/tr>\n<tr>\n<td>Cheffe<\/td>\n<td>Du lernst etwas \u00fcber die Bedeutung von Liebe und diese Erkenntnis geht tief hinunter in die Wurzeln Deines Wesens. Man k\u00f6nnte sagen, Du bist bis in die untersten Schichten Deiner Pers\u00f6nlichkeit ersch\u00fcttert, denn Du hast etwas entdeckt, was Deine fr\u00fcheren Werte nutzlos macht. Diese Werte gaben Dir Sicherheit in Deinem Leben und deshalb ist es nicht so leicht, sie jetzt loszulassen. Du brauchst Geduld mit Dir selbst und eine gewisse N\u00fcchternheit, um immer im Auge zu behalten, welche eindrucksvolle Verwandlung da in Dir von Statten geht.<\/td>\n<\/tr>\n<tr>\n<td>Jens<\/td>\n<td>Was ist mit meiner Familie? Mit meinen Eltern?<\/td>\n<\/tr>\n<tr>\n<td>Cheffe<\/td>\n<td>Deine Familie ist genauso ersch\u00fcttert wie Du. Doch sie werden den Weg nicht mitgehen, denn das w\u00fcrde bedeuten, dass sie ihr eigenes Leben in Frage stellen. Dennoch werden sie zu Euch stehen und durch ihre Akzeptanz neue Festigkeit in Eure Liebe bringen. Nur wirklich verstehen k\u00f6nnen, das werden sie nie und so bleibt bei ihnen immer eine gewisse Traurigkeit zur\u00fcck, denn sie f\u00fchlen sich selbst f\u00fcr das Scheitern verantwortlich.<\/td>\n<\/tr>\n<tr>\n<td>Ich<\/td>\n<td>Ist es denn ein Scheitern?<\/td>\n<\/tr>\n<tr>\n<td>Cheffe<\/td>\n<td>In ihren Augen schon. Sie h\u00e4tten sich an Deiner Stelle anders entschieden bzw. sich anders verhalten, eben, weil es f\u00fcr sie nicht anders m\u00f6glich gewesen w\u00e4re. F\u00fcr Euch hat das aber keine Bedeutung.<\/td>\n<\/tr>\n<tr>\n<td>Ich<\/td>\n<td>Und was ist mit Milli?<\/td>\n<\/tr>\n<tr>\n<td>Cheffe<\/td>\n<td>Milli wird durch die Ver\u00e4nderung mehr zu dem, was ihr vorherbestimmt ist. Du machst Dir Sorgen, weil Du denkst, dass sie ein Recht darauf hat, in einer stabilen und harmonischen Familie aufzuwachsen. Doch dies ist gar nicht ihr Anspruch. Es ist eher eine Vorstellung, die Du hast. Sie steht f\u00fcr einen Teil der \u00fcberholten Werte und f\u00fcr einen von vielen m\u00f6glichen Wegen. Jeder Weg hat f\u00fcr sich seine Eigenarten, positive wie negative. Welche Wirkung diese letztlich haben, liegt nicht in Deiner Hand. Tu das, was Deinem Wesen entspricht und Du folgst Deiner Bestimmung!<\/td>\n<\/tr>\n<tr>\n<td>Ich<\/td>\n<td>Ich danke Dir! Leider l\u00e4sst meine Konzentration jetzt zu stark nach. Obwohl ich gerne noch viel mehr gefragt h\u00e4tte.<\/td>\n<\/tr>\n<tr>\n<td>Cheffe<\/td>\n<td>Mach es gut!<\/td>\n<\/tr>\n<\/tbody>\n<\/table>\n","protected":false},"excerpt":{"rendered":"<p>10. Mai 2003 ICH Hallo. CHEFFE Hallo. ICH Darf ich Dir ein paar Fragen stellen? CHEFFE Versuch es einfach. ICH Wer bist Du? CHEFFE Du kennst die Antwort. Ich bin ein Teil von Dir und auch wieder nicht. Du siehst mich als Dich selbst. Du h\u00f6rst mich als Dich selbst. Ich bin dahinter und doch [&hellip;]<\/p>\n","protected":false},"author":1,"featured_media":0,"parent":0,"menu_order":0,"comment_status":"closed","ping_status":"closed","template":"","meta":{"footnotes":""},"class_list":["post-371","page","type-page","status-publish","hentry"],"_links":{"self":[{"href":"http:\/\/avnas-meditationsgruppe.de\/index.php?rest_route=\/wp\/v2\/pages\/371","targetHints":{"allow":["GET"]}}],"collection":[{"href":"http:\/\/avnas-meditationsgruppe.de\/index.php?rest_route=\/wp\/v2\/pages"}],"about":[{"href":"http:\/\/avnas-meditationsgruppe.de\/index.php?rest_route=\/wp\/v2\/types\/page"}],"author":[{"embeddable":true,"href":"http:\/\/avnas-meditationsgruppe.de\/index.php?rest_route=\/wp\/v2\/users\/1"}],"replies":[{"embeddable":true,"href":"http:\/\/avnas-meditationsgruppe.de\/index.php?rest_route=%2Fwp%2Fv2%2Fcomments&post=371"}],"version-history":[{"count":4,"href":"http:\/\/avnas-meditationsgruppe.de\/index.php?rest_route=\/wp\/v2\/pages\/371\/revisions"}],"predecessor-version":[{"id":376,"href":"http:\/\/avnas-meditationsgruppe.de\/index.php?rest_route=\/wp\/v2\/pages\/371\/revisions\/376"}],"wp:attachment":[{"href":"http:\/\/avnas-meditationsgruppe.de\/index.php?rest_route=%2Fwp%2Fv2%2Fmedia&parent=371"}],"curies":[{"name":"wp","href":"https:\/\/api.w.org\/{rel}","templated":true}]}}